{"id":5068,"date":"2025-04-01T15:40:21","date_gmt":"2025-04-01T15:40:21","guid":{"rendered":"https:\/\/www.barbierispa.com\/art-der-bedachung\/schnitthemmend\/"},"modified":"2026-04-14T10:10:43","modified_gmt":"2026-04-14T10:10:43","slug":"schnitthemmend","status":"publish","type":"page","link":"https:\/\/www.barbierispa.com\/de\/art-der-bedachung\/schnitthemmend\/","title":{"rendered":"Schnitthemmend"},"content":{"rendered":"\t\t<div data-elementor-type=\"wp-page\" data-elementor-id=\"5068\" class=\"elementor elementor-5068 elementor-2323\" data-elementor-post-type=\"page\">\n\t\t\t\t<div class=\"elementor-element elementor-element-e19e5b8 e-con-full e-flex e-con e-parent\" data-id=\"e19e5b8\" data-element_type=\"container\" data-e-type=\"container\">\n\t\t<div class=\"elementor-element elementor-element-2ea5b55 e-con-full e-flex e-con e-child\" data-id=\"2ea5b55\" data-element_type=\"container\" data-e-type=\"container\" data-settings=\"{&quot;background_background&quot;:&quot;classic&quot;}\">\n\t\t\t\t<\/div>\n\t\t<div class=\"elementor-element elementor-element-92521df e-con-full e-flex e-con e-child\" data-id=\"92521df\" data-element_type=\"container\" data-e-type=\"container\" data-settings=\"{&quot;background_background&quot;:&quot;classic&quot;}\">\n\t\t<div class=\"elementor-element elementor-element-bdb3c5f e-con-full e-flex e-con e-child\" data-id=\"bdb3c5f\" data-element_type=\"container\" data-e-type=\"container\">\n\t\t\t\t<div class=\"elementor-element elementor-element-2a4a97f elementor-widget elementor-widget-heading\" data-id=\"2a4a97f\" data-element_type=\"widget\" data-e-type=\"widget\" data-widget_type=\"heading.default\">\n\t\t\t\t<div class=\"elementor-widget-container\">\n\t\t\t\t\t<h1 class=\"elementor-heading-title elementor-size-default\">  Schnitthemmend<\/h1>\t\t\t\t<\/div>\n\t\t\t\t<\/div>\n\t\t\t\t<div class=\"elementor-element elementor-element-68ac955 elementor-widget elementor-widget-text-editor\" data-id=\"68ac955\" data-element_type=\"widget\" data-e-type=\"widget\" data-widget_type=\"text-editor.default\">\n\t\t\t\t<div class=\"elementor-widget-container\">\n\t\t\t\t\t\t\t\t\t<p>Die <strong>schnittfeste Mischung<\/strong> wurde entwickelt, um das Risiko von Bandsch\u00e4den beim Transport von abrasiven oder scharfen Materialien zu verringern. Spezielle Zus\u00e4tze wie hochfeste Polymere und verst\u00e4rkende F\u00fcllstoffe tragen dazu bei, eine h\u00e4rtere Oberfl\u00e4che zu schaffen, die resistent gegen mechanische Besch\u00e4digungen ist. Diese Komponenten sorgen daf\u00fcr, dass der Gurt St\u00f6\u00dfen und Abrieb standh\u00e4lt, ohne seine strukturelle Integrit\u00e4t zu beeintr\u00e4chtigen.  <\/p>\t\t\t\t\t\t\t\t<\/div>\n\t\t\t\t<\/div>\n\t\t\t\t<\/div>\n\t\t\t\t<\/div>\n\t\t\t\t<\/div>\n\t\t<div class=\"elementor-element elementor-element-82a2320 e-flex e-con-boxed e-con e-parent\" data-id=\"82a2320\" data-element_type=\"container\" data-e-type=\"container\">\n\t\t\t\t\t<div class=\"e-con-inner\">\n\t\t<div class=\"elementor-element elementor-element-9cb132f e-con-full e-flex e-con e-child\" data-id=\"9cb132f\" data-element_type=\"container\" data-e-type=\"container\">\n\t\t\t\t<div class=\"elementor-element elementor-element-ed0a3c4 elementor-widget elementor-widget-text-editor\" data-id=\"ed0a3c4\" data-element_type=\"widget\" data-e-type=\"widget\" data-widget_type=\"text-editor.default\">\n\t\t\t\t<div class=\"elementor-widget-container\">\n\t\t\t\t\t\t\t\t\t<p class=\"\" data-start=\"2132\" data-end=\"2339\">Eine der effektivsten L\u00f6sungen, um Schnittproblemen entgegenzuwirken, ist die Verwendung einer verst\u00e4rkten Gummimischung in Kombination mit dem Einsatz eines <em data-start=\"2296\" data-end=\"2315\">Metallbrechers<\/em> im Inneren des Bandes.<\/p><p class=\"\" data-start=\"2370\" data-end=\"2852\">Wie bereits erw\u00e4hnt, wurde die schnittfeste Mischung entwickelt, um die Widerstandsf\u00e4higkeit des Gummis gegen St\u00f6\u00dfe und Abrieb zu erh\u00f6hen. Durch die Zugabe von Zusatzstoffen wie hochfesten Polymeren und verst\u00e4rkenden F\u00fcllstoffen wird eine h\u00e4rtere und widerstandsf\u00e4higere Oberfl\u00e4che geschaffen. Bei besonders strapazi\u00f6sen Anwendungen reicht dies jedoch m\u00f6glicherweise nicht aus, um L\u00e4ngsschnitte vollst\u00e4ndig zu verhindern, insbesondere bei extrem scharfen oder spitzen Materialien.  <\/p><p class=\"\" data-start=\"2882\" data-end=\"3251\">Die Einf\u00fchrung eines <em data-start=\"2903\" data-end=\"2922\">Metallunterbrechers<\/em> ist eine besonders effektive L\u00f6sung zur Verst\u00e4rkung des F\u00f6rderbandes und zur Verringerung des Risikos von L\u00e4ngsschnitten. Der Metallbrecher ist eine interne Stahlverst\u00e4rkung, die aus Drahtgeflecht oder gewebten Dr\u00e4hten besteht und in das Gummi des Bandes integriert wird. Diese Metallverst\u00e4rkungsschicht:  <\/p><ul data-start=\"3253\" data-end=\"3859\"><li class=\"\" data-start=\"3253\" data-end=\"3380\"><p class=\"\" data-start=\"3255\" data-end=\"3380\"><strong data-start=\"3255\" data-end=\"3290\">Es erh\u00f6ht den mechanischen Widerstand<\/strong> des G\u00fcrtels und verhindert, dass das Gummi beim Aufprall auf scharfe Gegenst\u00e4nde zusammenbricht.<\/p><\/li><li class=\"\" data-start=\"3381\" data-end=\"3488\"><p class=\"\" data-start=\"3383\" data-end=\"3488\"><strong data-start=\"3383\" data-end=\"3427\">Es verteilt die Zugkr\u00e4fte besser<\/strong> und verringert so das Risiko von Rissen und L\u00e4ngsschnitten.<\/p><\/li><li class=\"\" data-start=\"3489\" data-end=\"3659\"><p class=\"\" data-start=\"3491\" data-end=\"3659\"><strong data-start=\"3491\" data-end=\"3530\">Verhindert die Ausbreitung von Schnitten<\/strong>: Im Falle einer Oberfl\u00e4chenbesch\u00e4digung hilft der Metallunterbrecher, die Ausbreitung des Schnittes zu stoppen und die Integrit\u00e4t des Bandes zu erhalten.<\/p><\/li><li class=\"\" data-start=\"3660\" data-end=\"3859\"><p class=\"\" data-start=\"3662\" data-end=\"3859\"><strong data-start=\"3662\" data-end=\"3693\">Erh\u00f6hte Lebensdauer<\/strong>: Dank dieses zus\u00e4tzlichen Schutzes h\u00e4lt der Riemen auch unter schwierigen Arbeitsbedingungen l\u00e4nger und muss nicht so h\u00e4ufig ausgetauscht werden.<\/p><\/li><\/ul><p class=\"\" data-start=\"3861\" data-end=\"4206\">Insbesondere der Metallbrecher ist sehr n\u00fctzlich f\u00fcr Gurte, die in Bergbauumgebungen eingesetzt werden, wo scharfe Felsen und abrasive Materialien h\u00e4ufig vorkommen. Die Kombination aus einer hochfesten Gummimischung und einer Metallverst\u00e4rkung macht den Gurt viel robuster und widerstandsf\u00e4higer gegen St\u00f6\u00dfe, Abrieb und Schnittverletzungen. <\/p><p class=\"\" data-start=\"4228\" data-end=\"4845\">Der Schutz vor Schnitten und Rissen ist f\u00fcr die Langlebigkeit und Zuverl\u00e4ssigkeit von F\u00f6rderb\u00e4ndern unerl\u00e4sslich, insbesondere in stark beanspruchten industriellen Umgebungen. Die Verwendung hochwertiger schnittfester Verbindungen in Kombination mit Verst\u00e4rkungen wie Metallbrechern ist eine optimale L\u00f6sung, um erhebliche Sch\u00e4den zu vermeiden, die Wartungskosten zu senken und die Betriebssicherheit zu erh\u00f6hen. Auf diese Weise k\u00f6nnen die F\u00f6rderb\u00e4nder effizienter arbeiten, Ausfallzeiten minimieren und eine gr\u00f6\u00dfere Kontinuit\u00e4t im Transportbetrieb gew\u00e4hrleisten.  <\/p><p class=\"\" data-start=\"4228\" data-end=\"4845\"> <\/p>\t\t\t\t\t\t\t\t<\/div>\n\t\t\t\t<\/div>\n\t\t\t\t<\/div>\n\t\t\t\t\t<\/div>\n\t\t\t\t<\/div>\n\t\t\t\t<\/div>\n\t\t","protected":false},"excerpt":{"rendered":"<p>Schnitthemmend Die schnittfeste Mischung wurde entwickelt, um das Risiko von Bandsch\u00e4den beim Transport von abrasiven oder scharfen Materialien zu verringern. Spezielle Zus\u00e4tze wie hochfeste Polymere und verst\u00e4rkende F\u00fcllstoffe tragen dazu bei, eine h\u00e4rtere Oberfl\u00e4che zu schaffen, die resistent gegen mechanische Besch\u00e4digungen ist. Diese Komponenten sorgen daf\u00fcr, dass der Gurt St\u00f6\u00dfen und Abrieb standh\u00e4lt, ohne seine [&hellip;]<\/p>\n","protected":false},"author":3,"featured_media":5067,"parent":5042,"menu_order":0,"comment_status":"closed","ping_status":"closed","template":"","meta":{"_acf_changed":false,"footnotes":""},"class_list":["post-5068","page","type-page","status-publish","has-post-thumbnail","hentry"],"acf":[],"yoast_head":"<!-- This site is optimized with the Yoast SEO plugin v27.2 - https:\/\/yoast.com\/product\/yoast-seo-wordpress\/ -->\n<title>Schnitthemmend - Barbieri Spa<\/title>\n<meta name=\"robots\" content=\"index, follow, max-snippet:-1, max-image-preview:large, max-video-preview:-1\" \/>\n<link rel=\"canonical\" href=\"https:\/\/www.barbierispa.com\/de\/art-der-bedachung\/schnitthemmend\/\" \/>\n<meta property=\"og:locale\" content=\"de_DE\" \/>\n<meta property=\"og:type\" content=\"article\" \/>\n<meta property=\"og:title\" content=\"Schnitthemmend - Barbieri Spa\" \/>\n<meta property=\"og:description\" content=\"Schnitthemmend Die schnittfeste Mischung wurde entwickelt, um das Risiko von Bandsch\u00e4den beim Transport von abrasiven oder scharfen Materialien zu verringern. Spezielle Zus\u00e4tze wie hochfeste Polymere und verst\u00e4rkende F\u00fcllstoffe tragen dazu bei, eine h\u00e4rtere Oberfl\u00e4che zu schaffen, die resistent gegen mechanische Besch\u00e4digungen ist. Diese Komponenten sorgen daf\u00fcr, dass der Gurt St\u00f6\u00dfen und Abrieb standh\u00e4lt, ohne seine [&hellip;]\" \/>\n<meta property=\"og:url\" content=\"https:\/\/www.barbierispa.com\/de\/art-der-bedachung\/schnitthemmend\/\" \/>\n<meta property=\"og:site_name\" content=\"Barbieri Spa\" \/>\n<meta property=\"article:modified_time\" content=\"2026-04-14T10:10:43+00:00\" \/>\n<meta property=\"og:image\" content=\"https:\/\/www.barbierispa.com\/wp-content\/uploads\/2025\/04\/Antitaglio.jpg\" \/>\n\t<meta property=\"og:image:width\" content=\"1200\" \/>\n\t<meta property=\"og:image:height\" content=\"800\" \/>\n\t<meta property=\"og:image:type\" content=\"image\/jpeg\" \/>\n<meta name=\"twitter:card\" content=\"summary_large_image\" \/>\n<meta name=\"twitter:label1\" content=\"Gesch\u00e4tzte Lesezeit\" \/>\n\t<meta name=\"twitter:data1\" content=\"2\u00a0Minuten\" \/>\n<script type=\"application\/ld+json\" class=\"yoast-schema-graph\">{\"@context\":\"https:\/\/schema.org\",\"@graph\":[{\"@type\":\"WebPage\",\"@id\":\"https:\/\/www.barbierispa.com\/de\/art-der-bedachung\/schnitthemmend\/\",\"url\":\"https:\/\/www.barbierispa.com\/de\/art-der-bedachung\/schnitthemmend\/\",\"name\":\"Schnitthemmend - Barbieri Spa\",\"isPartOf\":{\"@id\":\"https:\/\/www.barbierispa.com\/de\/#website\"},\"primaryImageOfPage\":{\"@id\":\"https:\/\/www.barbierispa.com\/de\/art-der-bedachung\/schnitthemmend\/#primaryimage\"},\"image\":{\"@id\":\"https:\/\/www.barbierispa.com\/de\/art-der-bedachung\/schnitthemmend\/#primaryimage\"},\"thumbnailUrl\":\"https:\/\/www.barbierispa.com\/wp-content\/uploads\/2025\/04\/Antitaglio.jpg\",\"datePublished\":\"2025-04-01T15:40:21+00:00\",\"dateModified\":\"2026-04-14T10:10:43+00:00\",\"breadcrumb\":{\"@id\":\"https:\/\/www.barbierispa.com\/de\/art-der-bedachung\/schnitthemmend\/#breadcrumb\"},\"inLanguage\":\"de\",\"potentialAction\":[{\"@type\":\"ReadAction\",\"target\":[\"https:\/\/www.barbierispa.com\/de\/art-der-bedachung\/schnitthemmend\/\"]}]},{\"@type\":\"ImageObject\",\"inLanguage\":\"de\",\"@id\":\"https:\/\/www.barbierispa.com\/de\/art-der-bedachung\/schnitthemmend\/#primaryimage\",\"url\":\"https:\/\/www.barbierispa.com\/wp-content\/uploads\/2025\/04\/Antitaglio.jpg\",\"contentUrl\":\"https:\/\/www.barbierispa.com\/wp-content\/uploads\/2025\/04\/Antitaglio.jpg\",\"width\":1200,\"height\":800},{\"@type\":\"BreadcrumbList\",\"@id\":\"https:\/\/www.barbierispa.com\/de\/art-der-bedachung\/schnitthemmend\/#breadcrumb\",\"itemListElement\":[{\"@type\":\"ListItem\",\"position\":1,\"name\":\"Home\",\"item\":\"https:\/\/www.barbierispa.com\/de\/home\/\"},{\"@type\":\"ListItem\",\"position\":2,\"name\":\"Art der Bedachung\",\"item\":\"https:\/\/www.barbierispa.com\/de\/art-der-bedachung\/\"},{\"@type\":\"ListItem\",\"position\":3,\"name\":\"Schnitthemmend\"}]},{\"@type\":\"WebSite\",\"@id\":\"https:\/\/www.barbierispa.com\/de\/#website\",\"url\":\"https:\/\/www.barbierispa.com\/de\/\",\"name\":\"Barbieri Spa\",\"description\":\"\",\"publisher\":{\"@id\":\"https:\/\/www.barbierispa.com\/de\/#organization\"},\"potentialAction\":[{\"@type\":\"SearchAction\",\"target\":{\"@type\":\"EntryPoint\",\"urlTemplate\":\"https:\/\/www.barbierispa.com\/de\/?s={search_term_string}\"},\"query-input\":{\"@type\":\"PropertyValueSpecification\",\"valueRequired\":true,\"valueName\":\"search_term_string\"}}],\"inLanguage\":\"de\"},{\"@type\":\"Organization\",\"@id\":\"https:\/\/www.barbierispa.com\/de\/#organization\",\"name\":\"Barbieri Spa\",\"url\":\"https:\/\/www.barbierispa.com\/de\/\",\"logo\":{\"@type\":\"ImageObject\",\"inLanguage\":\"de\",\"@id\":\"https:\/\/www.barbierispa.com\/de\/#\/schema\/logo\/image\/\",\"url\":\"https:\/\/www.barbierispa.com\/wp-content\/uploads\/2025\/01\/barbieri-logo-2x.png\",\"contentUrl\":\"https:\/\/www.barbierispa.com\/wp-content\/uploads\/2025\/01\/barbieri-logo-2x.png\",\"width\":291,\"height\":188,\"caption\":\"Barbieri Spa\"},\"image\":{\"@id\":\"https:\/\/www.barbierispa.com\/de\/#\/schema\/logo\/image\/\"}}]}<\/script>\n<!-- \/ Yoast SEO plugin. -->","yoast_head_json":{"title":"Schnitthemmend - Barbieri Spa","robots":{"index":"index","follow":"follow","max-snippet":"max-snippet:-1","max-image-preview":"max-image-preview:large","max-video-preview":"max-video-preview:-1"},"canonical":"https:\/\/www.barbierispa.com\/de\/art-der-bedachung\/schnitthemmend\/","og_locale":"de_DE","og_type":"article","og_title":"Schnitthemmend - Barbieri Spa","og_description":"Schnitthemmend Die schnittfeste Mischung wurde entwickelt, um das Risiko von Bandsch\u00e4den beim Transport von abrasiven oder scharfen Materialien zu verringern. Spezielle Zus\u00e4tze wie hochfeste Polymere und verst\u00e4rkende F\u00fcllstoffe tragen dazu bei, eine h\u00e4rtere Oberfl\u00e4che zu schaffen, die resistent gegen mechanische Besch\u00e4digungen ist. Diese Komponenten sorgen daf\u00fcr, dass der Gurt St\u00f6\u00dfen und Abrieb standh\u00e4lt, ohne seine [&hellip;]","og_url":"https:\/\/www.barbierispa.com\/de\/art-der-bedachung\/schnitthemmend\/","og_site_name":"Barbieri Spa","article_modified_time":"2026-04-14T10:10:43+00:00","og_image":[{"width":1200,"height":800,"url":"https:\/\/www.barbierispa.com\/wp-content\/uploads\/2025\/04\/Antitaglio.jpg","type":"image\/jpeg"}],"twitter_card":"summary_large_image","twitter_misc":{"Gesch\u00e4tzte Lesezeit":"2\u00a0Minuten"},"schema":{"@context":"https:\/\/schema.org","@graph":[{"@type":"WebPage","@id":"https:\/\/www.barbierispa.com\/de\/art-der-bedachung\/schnitthemmend\/","url":"https:\/\/www.barbierispa.com\/de\/art-der-bedachung\/schnitthemmend\/","name":"Schnitthemmend - Barbieri Spa","isPartOf":{"@id":"https:\/\/www.barbierispa.com\/de\/#website"},"primaryImageOfPage":{"@id":"https:\/\/www.barbierispa.com\/de\/art-der-bedachung\/schnitthemmend\/#primaryimage"},"image":{"@id":"https:\/\/www.barbierispa.com\/de\/art-der-bedachung\/schnitthemmend\/#primaryimage"},"thumbnailUrl":"https:\/\/www.barbierispa.com\/wp-content\/uploads\/2025\/04\/Antitaglio.jpg","datePublished":"2025-04-01T15:40:21+00:00","dateModified":"2026-04-14T10:10:43+00:00","breadcrumb":{"@id":"https:\/\/www.barbierispa.com\/de\/art-der-bedachung\/schnitthemmend\/#breadcrumb"},"inLanguage":"de","potentialAction":[{"@type":"ReadAction","target":["https:\/\/www.barbierispa.com\/de\/art-der-bedachung\/schnitthemmend\/"]}]},{"@type":"ImageObject","inLanguage":"de","@id":"https:\/\/www.barbierispa.com\/de\/art-der-bedachung\/schnitthemmend\/#primaryimage","url":"https:\/\/www.barbierispa.com\/wp-content\/uploads\/2025\/04\/Antitaglio.jpg","contentUrl":"https:\/\/www.barbierispa.com\/wp-content\/uploads\/2025\/04\/Antitaglio.jpg","width":1200,"height":800},{"@type":"BreadcrumbList","@id":"https:\/\/www.barbierispa.com\/de\/art-der-bedachung\/schnitthemmend\/#breadcrumb","itemListElement":[{"@type":"ListItem","position":1,"name":"Home","item":"https:\/\/www.barbierispa.com\/de\/home\/"},{"@type":"ListItem","position":2,"name":"Art der Bedachung","item":"https:\/\/www.barbierispa.com\/de\/art-der-bedachung\/"},{"@type":"ListItem","position":3,"name":"Schnitthemmend"}]},{"@type":"WebSite","@id":"https:\/\/www.barbierispa.com\/de\/#website","url":"https:\/\/www.barbierispa.com\/de\/","name":"Barbieri Spa","description":"","publisher":{"@id":"https:\/\/www.barbierispa.com\/de\/#organization"},"potentialAction":[{"@type":"SearchAction","target":{"@type":"EntryPoint","urlTemplate":"https:\/\/www.barbierispa.com\/de\/?s={search_term_string}"},"query-input":{"@type":"PropertyValueSpecification","valueRequired":true,"valueName":"search_term_string"}}],"inLanguage":"de"},{"@type":"Organization","@id":"https:\/\/www.barbierispa.com\/de\/#organization","name":"Barbieri Spa","url":"https:\/\/www.barbierispa.com\/de\/","logo":{"@type":"ImageObject","inLanguage":"de","@id":"https:\/\/www.barbierispa.com\/de\/#\/schema\/logo\/image\/","url":"https:\/\/www.barbierispa.com\/wp-content\/uploads\/2025\/01\/barbieri-logo-2x.png","contentUrl":"https:\/\/www.barbierispa.com\/wp-content\/uploads\/2025\/01\/barbieri-logo-2x.png","width":291,"height":188,"caption":"Barbieri Spa"},"image":{"@id":"https:\/\/www.barbierispa.com\/de\/#\/schema\/logo\/image\/"}}]}},"_links":{"self":[{"href":"https:\/\/www.barbierispa.com\/de\/wp-json\/wp\/v2\/pages\/5068","targetHints":{"allow":["GET"]}}],"collection":[{"href":"https:\/\/www.barbierispa.com\/de\/wp-json\/wp\/v2\/pages"}],"about":[{"href":"https:\/\/www.barbierispa.com\/de\/wp-json\/wp\/v2\/types\/page"}],"author":[{"embeddable":true,"href":"https:\/\/www.barbierispa.com\/de\/wp-json\/wp\/v2\/users\/3"}],"replies":[{"embeddable":true,"href":"https:\/\/www.barbierispa.com\/de\/wp-json\/wp\/v2\/comments?post=5068"}],"version-history":[{"count":1,"href":"https:\/\/www.barbierispa.com\/de\/wp-json\/wp\/v2\/pages\/5068\/revisions"}],"predecessor-version":[{"id":5070,"href":"https:\/\/www.barbierispa.com\/de\/wp-json\/wp\/v2\/pages\/5068\/revisions\/5070"}],"up":[{"embeddable":true,"href":"https:\/\/www.barbierispa.com\/de\/wp-json\/wp\/v2\/pages\/5042"}],"wp:featuredmedia":[{"embeddable":true,"href":"https:\/\/www.barbierispa.com\/de\/wp-json\/wp\/v2\/media\/5067"}],"wp:attachment":[{"href":"https:\/\/www.barbierispa.com\/de\/wp-json\/wp\/v2\/media?parent=5068"}],"curies":[{"name":"wp","href":"https:\/\/api.w.org\/{rel}","templated":true}]}}