{"id":5088,"date":"2025-04-01T10:09:37","date_gmt":"2025-04-01T10:09:37","guid":{"rendered":"https:\/\/www.barbierispa.com\/art-der-bedachung\/flammensicher\/"},"modified":"2026-04-15T14:22:14","modified_gmt":"2026-04-15T14:22:14","slug":"flammensicher","status":"publish","type":"page","link":"https:\/\/www.barbierispa.com\/de\/art-der-bedachung\/flammensicher\/","title":{"rendered":"Flammensicher"},"content":{"rendered":"\t\t<div data-elementor-type=\"wp-page\" data-elementor-id=\"5088\" class=\"elementor elementor-5088 elementor-2161\" data-elementor-post-type=\"page\">\n\t\t\t\t<div class=\"elementor-element elementor-element-e19e5b8 e-con-full e-flex e-con e-parent\" data-id=\"e19e5b8\" data-element_type=\"container\" data-e-type=\"container\">\n\t\t<div class=\"elementor-element elementor-element-2ea5b55 e-con-full e-flex e-con e-child\" data-id=\"2ea5b55\" data-element_type=\"container\" data-e-type=\"container\" data-settings=\"{&quot;background_background&quot;:&quot;classic&quot;}\">\n\t\t\t\t<\/div>\n\t\t<div class=\"elementor-element elementor-element-92521df e-con-full e-flex e-con e-child\" data-id=\"92521df\" data-element_type=\"container\" data-e-type=\"container\" data-settings=\"{&quot;background_background&quot;:&quot;classic&quot;}\">\n\t\t<div class=\"elementor-element elementor-element-bdb3c5f e-con-full e-flex e-con e-child\" data-id=\"bdb3c5f\" data-element_type=\"container\" data-e-type=\"container\">\n\t\t\t\t<div class=\"elementor-element elementor-element-2a4a97f elementor-widget elementor-widget-heading\" data-id=\"2a4a97f\" data-element_type=\"widget\" data-e-type=\"widget\" data-widget_type=\"heading.default\">\n\t\t\t\t<div class=\"elementor-widget-container\">\n\t\t\t\t\t<h1 class=\"elementor-heading-title elementor-size-default\">Flammbest\u00e4ndigkeit<\/h1>\t\t\t\t<\/div>\n\t\t\t\t<\/div>\n\t\t\t\t<div class=\"elementor-element elementor-element-68ac955 elementor-widget elementor-widget-text-editor\" data-id=\"68ac955\" data-element_type=\"widget\" data-e-type=\"widget\" data-widget_type=\"text-editor.default\">\n\t\t\t\t<div class=\"elementor-widget-container\">\n\t\t\t\t\t\t\t\t\t<p><span style=\"font-weight: 400;\">Es gibt zahlreiche Sicherheitsklassifizierungen, internationale Normen und spezifische Tests zur Bewertung der selbstverl\u00f6schenden Eigenschaften von F\u00f6rderb\u00e4ndern. Diese Anforderungen werden immer strenger und k\u00f6nnen daher komplex zu interpretieren sein. Die Testmethoden und Leistungsstandards variieren erheblich, je nach der Umgebung, in der das Band eingesetzt wird (\u00fcber oder unter der Erde), und je nach dem Grad des Brandrisikos, das mit dem bef\u00f6rderten Material verbunden ist.  <\/span><\/p>\t\t\t\t\t\t\t\t<\/div>\n\t\t\t\t<\/div>\n\t\t\t\t<\/div>\n\t\t\t\t<\/div>\n\t\t\t\t<\/div>\n\t\t<div class=\"elementor-element elementor-element-82a2320 e-flex e-con-boxed e-con e-parent\" data-id=\"82a2320\" data-element_type=\"container\" data-e-type=\"container\">\n\t\t\t\t\t<div class=\"e-con-inner\">\n\t\t<div class=\"elementor-element elementor-element-9cb132f e-con-full e-flex e-con e-child\" data-id=\"9cb132f\" data-element_type=\"container\" data-e-type=\"container\">\n\t\t\t\t<div class=\"elementor-element elementor-element-ed0a3c4 elementor-widget elementor-widget-text-editor\" data-id=\"ed0a3c4\" data-element_type=\"widget\" data-e-type=\"widget\" data-widget_type=\"text-editor.default\">\n\t\t\t\t<div class=\"elementor-widget-container\">\n\t\t\t\t\t\t\t\t\t<p><span style=\"font-weight: 400;\">Es ist wichtig zu betonen, dass F\u00f6rderb\u00e4nder nicht v\u00f6llig feuerfest sein k\u00f6nnen. Jedes Band, das einer offenen Flamme mit ausreichender Intensit\u00e4t ausgesetzt wird, f\u00e4ngt Feuer. Das liegt daran, dass die in der Bandkarkasse verwendeten Stoffe, vor allem Polyester und Nylon, entflammbare Materialien mit geringer oder gar keiner Feuerbest\u00e4ndigkeit sind. Die Gummibeschichtungen (Oberseite, Unterseite und die Zwischenschicht zwischen den Gewebelagen) k\u00f6nnen jedoch mit speziellen Additiven versehen werden, um die Flammfestigkeit zu verbessern. Diese Zusatzstoffe setzen bei der Verbrennung hemmende Gase frei, die den Flammen den Sauerstoff entziehen und so das Selbstverl\u00f6schen des G\u00fcrtels f\u00f6rdern.    <\/span><\/p>\n<p><span style=\"font-weight: 400;\">Die Norm <\/span><b>ISO 340<\/b><span style=\"font-weight: 400;\">  definiert eine Methode, um in kleinem Ma\u00dfstab die Reaktion eines F\u00f6rderbandes auf eine Z\u00fcndquelle durch Flammen zu beurteilen. Der Test misst die Zeit, die das Band ben\u00f6tigt, um nach der Einwirkung einer Flamme selbst zu verl\u00f6schen. <\/span><\/p>\n<ul>\n<li style=\"font-weight: 400;\" aria-level=\"1\"><span style=\"font-weight: 400;\">A <\/span><b>niedrigerer Wert<\/b><span style=\"font-weight: 400;\"> deutet auf eine schnellere Selbsterl\u00f6schungszeit und damit auf einen h\u00f6heren Widerstand gegen die Flammenausbreitung hin.<\/span><\/li>\n<li style=\"font-weight: 400;\" aria-level=\"1\"><span style=\"font-weight: 400;\">A <\/span><b>h\u00f6herer Wert<\/b><span style=\"font-weight: 400;\"> bedeutet, dass das Band l\u00e4nger braucht, um zu verl\u00f6schen, was das Risiko der Brandausbreitung erh\u00f6ht.<\/span><\/li>\n<\/ul><div><br><\/div>\n<p><span style=\"font-weight: 400;\">Diese internationale Norm ist wichtig, um sicherzustellen, dass F\u00f6rderb\u00e4nder, die in feuergef\u00e4hrdeten Umgebungen eingesetzt werden, selbstverl\u00f6schend sind und nicht zur Ausbreitung von Flammen beitragen.<\/span><\/p>\n<p><b>EIN REFERENZHANDBUCH F\u00dcR UNSERE FEUERHEMMENDEN ABDECKUNGEN<\/b><\/p>\n<p><b>K:  <\/b><span style=\"font-weight: 400;\">Feuerbest\u00e4ndigkeit f\u00fcr m\u00e4\u00dfig entflammbare Materialien. Nicht f\u00fcr den Einsatz unter Tage geeignet <\/span><\/p>\n<p><b>S<\/b><span style=\"font-weight: 400;\">Feuerbest\u00e4ndigkeit f\u00fcr leicht entz\u00fcndliche Materialien. Nicht f\u00fcr den Einsatz unter Tage geeignet <\/span><\/p>\n<p><b>KLASSE A:<\/b><span style=\"font-weight: 400;\"> Bandtyp f\u00fcr den Einsatz unter Tage geeignet<\/span><\/p>\n<p><b>MOR-K:<\/b><span style=\"font-weight: 400;\"> Feuer- und \u00f6lbest\u00e4ndig f\u00fcr die meisten \u00f6lhaltigen Produkte.<\/span><\/p><p><span style=\"font-weight: 400;\"><br><\/span><\/p>\n<p><b>SCHWER ENTFLAMMBARE VERBINDUNGEN:<\/b><\/p>\n<table>\n<tbody>\n<tr>\n<td>\n<p><b>MIX<\/b><\/p>\n<\/td>\n<td>\n<p><b>KATEGORIE<\/b><\/p>\n<\/td>\n<td>\n<p><b>STANDARDWERT<\/b><\/p>\n<\/td>\n<\/tr>\n<tr>\n<td>\n<p><span style=\"font-weight: 400;\">K<\/span><\/p>\n<\/td>\n<td>\n<p><span style=\"font-weight: 400;\">SCHWER ENTFLAMMBAR + ANTISTATISCH<\/span><\/p>\n<\/td>\n<td>\n<p><span style=\"font-weight: 400;\">15s<\/span><\/p>\n<\/td>\n<\/tr>\n<tr>\n<td>\n<p><span style=\"font-weight: 400;\">S<\/span><\/p>\n<\/td>\n<td>\n<p><span style=\"font-weight: 400;\">SCHWER ENTFLAMMBAR + ANTISTATISCH<\/span><\/p>\n<\/td>\n<td>\n<p><span style=\"font-weight: 400;\">15s<\/span><\/p>\n<\/td>\n<\/tr>\n<tr>\n<td>\n<p><span style=\"font-weight: 400;\">KLASSE A<\/span><\/p>\n<\/td>\n<td>\n<p><span style=\"font-weight: 400;\">SCHWER ENTFLAMMBAR + ANTISTATISCH<\/span><\/p>\n<\/td>\n<td>\n<p><span style=\"font-weight: 400;\">15s<\/span><\/p>\n<\/td>\n<\/tr>\n<tr>\n<td>\n<p><span style=\"font-weight: 400;\">MOR-K<\/span><\/p>\n<\/td>\n<td>\n<p><span style=\"font-weight: 400;\">SCHWER ENTFLAMMBAR + ANTISTATISCH + \u00d6LBEST\u00c4NDIG<\/span><\/p>\n<\/td>\n<td>\n<p><span style=\"font-weight: 400;\">15s<\/span><\/p>\n<\/td>\n<\/tr>\n<\/tbody>\n<\/table>\t\t\t\t\t\t\t\t<\/div>\n\t\t\t\t<\/div>\n\t\t\t\t<\/div>\n\t\t\t\t\t<\/div>\n\t\t\t\t<\/div>\n\t\t\t\t<\/div>\n\t\t","protected":false},"excerpt":{"rendered":"<p>Flammbest\u00e4ndigkeit Es gibt zahlreiche Sicherheitsklassifizierungen, internationale Normen und spezifische Tests zur Bewertung der selbstverl\u00f6schenden Eigenschaften von F\u00f6rderb\u00e4ndern. Diese Anforderungen werden immer strenger und k\u00f6nnen daher komplex zu interpretieren sein. Die Testmethoden und Leistungsstandards variieren erheblich, je nach der Umgebung, in der das Band eingesetzt wird (\u00fcber oder unter der Erde), und je nach dem Grad [&hellip;]<\/p>\n","protected":false},"author":3,"featured_media":5087,"parent":5042,"menu_order":0,"comment_status":"closed","ping_status":"closed","template":"","meta":{"_acf_changed":false,"footnotes":""},"class_list":["post-5088","page","type-page","status-publish","has-post-thumbnail","hentry"],"acf":[],"yoast_head":"<!-- This site is optimized with the Yoast SEO plugin v27.2 - https:\/\/yoast.com\/product\/yoast-seo-wordpress\/ -->\n<title>Flammensicheres Band: zertifizierte Sicherheit<\/title>\n<meta name=\"description\" content=\"Selbstverl\u00f6schende Abdeckungen, die den internationalen Normen entsprechen. Fortschrittliche Sicherheit f\u00fcr den Transport von brennbarem Material.\" \/>\n<meta name=\"robots\" content=\"index, follow, max-snippet:-1, max-image-preview:large, max-video-preview:-1\" \/>\n<link rel=\"canonical\" href=\"https:\/\/www.barbierispa.com\/de\/art-der-bedachung\/flammensicher\/\" \/>\n<meta property=\"og:locale\" content=\"de_DE\" \/>\n<meta property=\"og:type\" content=\"article\" \/>\n<meta property=\"og:title\" content=\"Flammensicheres Band: zertifizierte Sicherheit\" \/>\n<meta property=\"og:description\" content=\"Selbstverl\u00f6schende Abdeckungen, die den internationalen Normen entsprechen. Fortschrittliche Sicherheit f\u00fcr den Transport von brennbarem Material.\" \/>\n<meta property=\"og:url\" content=\"https:\/\/www.barbierispa.com\/de\/art-der-bedachung\/flammensicher\/\" \/>\n<meta property=\"og:site_name\" content=\"Barbieri Spa\" \/>\n<meta property=\"article:modified_time\" content=\"2026-04-15T14:22:14+00:00\" \/>\n<meta property=\"og:image\" content=\"https:\/\/www.barbierispa.com\/wp-content\/uploads\/2025\/04\/MESCOLA-IGNIFUGA.png\" \/>\n\t<meta property=\"og:image:width\" content=\"1536\" \/>\n\t<meta property=\"og:image:height\" content=\"1024\" \/>\n\t<meta property=\"og:image:type\" content=\"image\/png\" \/>\n<meta name=\"twitter:card\" content=\"summary_large_image\" \/>\n<meta name=\"twitter:label1\" content=\"Gesch\u00e4tzte Lesezeit\" \/>\n\t<meta name=\"twitter:data1\" content=\"2\u00a0Minuten\" \/>\n<script type=\"application\/ld+json\" class=\"yoast-schema-graph\">{\"@context\":\"https:\/\/schema.org\",\"@graph\":[{\"@type\":\"WebPage\",\"@id\":\"https:\/\/www.barbierispa.com\/de\/art-der-bedachung\/flammensicher\/\",\"url\":\"https:\/\/www.barbierispa.com\/de\/art-der-bedachung\/flammensicher\/\",\"name\":\"Flammensicheres Band: zertifizierte Sicherheit\",\"isPartOf\":{\"@id\":\"https:\/\/www.barbierispa.com\/de\/#website\"},\"primaryImageOfPage\":{\"@id\":\"https:\/\/www.barbierispa.com\/de\/art-der-bedachung\/flammensicher\/#primaryimage\"},\"image\":{\"@id\":\"https:\/\/www.barbierispa.com\/de\/art-der-bedachung\/flammensicher\/#primaryimage\"},\"thumbnailUrl\":\"https:\/\/www.barbierispa.com\/wp-content\/uploads\/2025\/04\/MESCOLA-IGNIFUGA.png\",\"datePublished\":\"2025-04-01T10:09:37+00:00\",\"dateModified\":\"2026-04-15T14:22:14+00:00\",\"description\":\"Selbstverl\u00f6schende Abdeckungen, die den internationalen Normen entsprechen. Fortschrittliche Sicherheit f\u00fcr den Transport von brennbarem Material.\",\"breadcrumb\":{\"@id\":\"https:\/\/www.barbierispa.com\/de\/art-der-bedachung\/flammensicher\/#breadcrumb\"},\"inLanguage\":\"de\",\"potentialAction\":[{\"@type\":\"ReadAction\",\"target\":[\"https:\/\/www.barbierispa.com\/de\/art-der-bedachung\/flammensicher\/\"]}]},{\"@type\":\"ImageObject\",\"inLanguage\":\"de\",\"@id\":\"https:\/\/www.barbierispa.com\/de\/art-der-bedachung\/flammensicher\/#primaryimage\",\"url\":\"https:\/\/www.barbierispa.com\/wp-content\/uploads\/2025\/04\/MESCOLA-IGNIFUGA.png\",\"contentUrl\":\"https:\/\/www.barbierispa.com\/wp-content\/uploads\/2025\/04\/MESCOLA-IGNIFUGA.png\",\"width\":1536,\"height\":1024},{\"@type\":\"BreadcrumbList\",\"@id\":\"https:\/\/www.barbierispa.com\/de\/art-der-bedachung\/flammensicher\/#breadcrumb\",\"itemListElement\":[{\"@type\":\"ListItem\",\"position\":1,\"name\":\"Home\",\"item\":\"https:\/\/www.barbierispa.com\/de\/home\/\"},{\"@type\":\"ListItem\",\"position\":2,\"name\":\"Art der Bedachung\",\"item\":\"https:\/\/www.barbierispa.com\/de\/art-der-bedachung\/\"},{\"@type\":\"ListItem\",\"position\":3,\"name\":\"Flammensicher\"}]},{\"@type\":\"WebSite\",\"@id\":\"https:\/\/www.barbierispa.com\/de\/#website\",\"url\":\"https:\/\/www.barbierispa.com\/de\/\",\"name\":\"Barbieri Spa\",\"description\":\"\",\"publisher\":{\"@id\":\"https:\/\/www.barbierispa.com\/de\/#organization\"},\"potentialAction\":[{\"@type\":\"SearchAction\",\"target\":{\"@type\":\"EntryPoint\",\"urlTemplate\":\"https:\/\/www.barbierispa.com\/de\/?s={search_term_string}\"},\"query-input\":{\"@type\":\"PropertyValueSpecification\",\"valueRequired\":true,\"valueName\":\"search_term_string\"}}],\"inLanguage\":\"de\"},{\"@type\":\"Organization\",\"@id\":\"https:\/\/www.barbierispa.com\/de\/#organization\",\"name\":\"Barbieri Spa\",\"url\":\"https:\/\/www.barbierispa.com\/de\/\",\"logo\":{\"@type\":\"ImageObject\",\"inLanguage\":\"de\",\"@id\":\"https:\/\/www.barbierispa.com\/de\/#\/schema\/logo\/image\/\",\"url\":\"https:\/\/www.barbierispa.com\/wp-content\/uploads\/2025\/01\/barbieri-logo-2x.png\",\"contentUrl\":\"https:\/\/www.barbierispa.com\/wp-content\/uploads\/2025\/01\/barbieri-logo-2x.png\",\"width\":291,\"height\":188,\"caption\":\"Barbieri Spa\"},\"image\":{\"@id\":\"https:\/\/www.barbierispa.com\/de\/#\/schema\/logo\/image\/\"}}]}<\/script>\n<!-- \/ Yoast SEO plugin. -->","yoast_head_json":{"title":"Flammensicheres Band: zertifizierte Sicherheit","description":"Selbstverl\u00f6schende Abdeckungen, die den internationalen Normen entsprechen. Fortschrittliche Sicherheit f\u00fcr den Transport von brennbarem Material.","robots":{"index":"index","follow":"follow","max-snippet":"max-snippet:-1","max-image-preview":"max-image-preview:large","max-video-preview":"max-video-preview:-1"},"canonical":"https:\/\/www.barbierispa.com\/de\/art-der-bedachung\/flammensicher\/","og_locale":"de_DE","og_type":"article","og_title":"Flammensicheres Band: zertifizierte Sicherheit","og_description":"Selbstverl\u00f6schende Abdeckungen, die den internationalen Normen entsprechen. Fortschrittliche Sicherheit f\u00fcr den Transport von brennbarem Material.","og_url":"https:\/\/www.barbierispa.com\/de\/art-der-bedachung\/flammensicher\/","og_site_name":"Barbieri Spa","article_modified_time":"2026-04-15T14:22:14+00:00","og_image":[{"width":1536,"height":1024,"url":"https:\/\/www.barbierispa.com\/wp-content\/uploads\/2025\/04\/MESCOLA-IGNIFUGA.png","type":"image\/png"}],"twitter_card":"summary_large_image","twitter_misc":{"Gesch\u00e4tzte Lesezeit":"2\u00a0Minuten"},"schema":{"@context":"https:\/\/schema.org","@graph":[{"@type":"WebPage","@id":"https:\/\/www.barbierispa.com\/de\/art-der-bedachung\/flammensicher\/","url":"https:\/\/www.barbierispa.com\/de\/art-der-bedachung\/flammensicher\/","name":"Flammensicheres Band: zertifizierte Sicherheit","isPartOf":{"@id":"https:\/\/www.barbierispa.com\/de\/#website"},"primaryImageOfPage":{"@id":"https:\/\/www.barbierispa.com\/de\/art-der-bedachung\/flammensicher\/#primaryimage"},"image":{"@id":"https:\/\/www.barbierispa.com\/de\/art-der-bedachung\/flammensicher\/#primaryimage"},"thumbnailUrl":"https:\/\/www.barbierispa.com\/wp-content\/uploads\/2025\/04\/MESCOLA-IGNIFUGA.png","datePublished":"2025-04-01T10:09:37+00:00","dateModified":"2026-04-15T14:22:14+00:00","description":"Selbstverl\u00f6schende Abdeckungen, die den internationalen Normen entsprechen. Fortschrittliche Sicherheit f\u00fcr den Transport von brennbarem Material.","breadcrumb":{"@id":"https:\/\/www.barbierispa.com\/de\/art-der-bedachung\/flammensicher\/#breadcrumb"},"inLanguage":"de","potentialAction":[{"@type":"ReadAction","target":["https:\/\/www.barbierispa.com\/de\/art-der-bedachung\/flammensicher\/"]}]},{"@type":"ImageObject","inLanguage":"de","@id":"https:\/\/www.barbierispa.com\/de\/art-der-bedachung\/flammensicher\/#primaryimage","url":"https:\/\/www.barbierispa.com\/wp-content\/uploads\/2025\/04\/MESCOLA-IGNIFUGA.png","contentUrl":"https:\/\/www.barbierispa.com\/wp-content\/uploads\/2025\/04\/MESCOLA-IGNIFUGA.png","width":1536,"height":1024},{"@type":"BreadcrumbList","@id":"https:\/\/www.barbierispa.com\/de\/art-der-bedachung\/flammensicher\/#breadcrumb","itemListElement":[{"@type":"ListItem","position":1,"name":"Home","item":"https:\/\/www.barbierispa.com\/de\/home\/"},{"@type":"ListItem","position":2,"name":"Art der Bedachung","item":"https:\/\/www.barbierispa.com\/de\/art-der-bedachung\/"},{"@type":"ListItem","position":3,"name":"Flammensicher"}]},{"@type":"WebSite","@id":"https:\/\/www.barbierispa.com\/de\/#website","url":"https:\/\/www.barbierispa.com\/de\/","name":"Barbieri Spa","description":"","publisher":{"@id":"https:\/\/www.barbierispa.com\/de\/#organization"},"potentialAction":[{"@type":"SearchAction","target":{"@type":"EntryPoint","urlTemplate":"https:\/\/www.barbierispa.com\/de\/?s={search_term_string}"},"query-input":{"@type":"PropertyValueSpecification","valueRequired":true,"valueName":"search_term_string"}}],"inLanguage":"de"},{"@type":"Organization","@id":"https:\/\/www.barbierispa.com\/de\/#organization","name":"Barbieri Spa","url":"https:\/\/www.barbierispa.com\/de\/","logo":{"@type":"ImageObject","inLanguage":"de","@id":"https:\/\/www.barbierispa.com\/de\/#\/schema\/logo\/image\/","url":"https:\/\/www.barbierispa.com\/wp-content\/uploads\/2025\/01\/barbieri-logo-2x.png","contentUrl":"https:\/\/www.barbierispa.com\/wp-content\/uploads\/2025\/01\/barbieri-logo-2x.png","width":291,"height":188,"caption":"Barbieri Spa"},"image":{"@id":"https:\/\/www.barbierispa.com\/de\/#\/schema\/logo\/image\/"}}]}},"_links":{"self":[{"href":"https:\/\/www.barbierispa.com\/de\/wp-json\/wp\/v2\/pages\/5088","targetHints":{"allow":["GET"]}}],"collection":[{"href":"https:\/\/www.barbierispa.com\/de\/wp-json\/wp\/v2\/pages"}],"about":[{"href":"https:\/\/www.barbierispa.com\/de\/wp-json\/wp\/v2\/types\/page"}],"author":[{"embeddable":true,"href":"https:\/\/www.barbierispa.com\/de\/wp-json\/wp\/v2\/users\/3"}],"replies":[{"embeddable":true,"href":"https:\/\/www.barbierispa.com\/de\/wp-json\/wp\/v2\/comments?post=5088"}],"version-history":[{"count":1,"href":"https:\/\/www.barbierispa.com\/de\/wp-json\/wp\/v2\/pages\/5088\/revisions"}],"predecessor-version":[{"id":5089,"href":"https:\/\/www.barbierispa.com\/de\/wp-json\/wp\/v2\/pages\/5088\/revisions\/5089"}],"up":[{"embeddable":true,"href":"https:\/\/www.barbierispa.com\/de\/wp-json\/wp\/v2\/pages\/5042"}],"wp:featuredmedia":[{"embeddable":true,"href":"https:\/\/www.barbierispa.com\/de\/wp-json\/wp\/v2\/media\/5087"}],"wp:attachment":[{"href":"https:\/\/www.barbierispa.com\/de\/wp-json\/wp\/v2\/media?parent=5088"}],"curies":[{"name":"wp","href":"https:\/\/api.w.org\/{rel}","templated":true}]}}