{"id":7187,"date":"2025-04-01T10:09:37","date_gmt":"2025-04-01T10:09:37","guid":{"rendered":"https:\/\/www.barbierispa.com\/types-de-revetements\/anti-feu\/"},"modified":"2026-08-06T08:42:21","modified_gmt":"2026-08-06T08:42:21","slug":"anti-feu","status":"publish","type":"page","link":"https:\/\/www.barbierispa.com\/fr\/types-de-revetements\/anti-feu\/","title":{"rendered":"Anti-feu"},"content":{"rendered":"\t\t<div data-elementor-type=\"wp-page\" data-elementor-id=\"7187\" class=\"elementor elementor-7187 elementor-2161\" data-elementor-post-type=\"page\">\n\t\t\t\t<div class=\"elementor-element elementor-element-e19e5b8 e-con-full e-flex e-con e-parent\" data-id=\"e19e5b8\" data-element_type=\"container\" data-e-type=\"container\">\n\t\t<div class=\"elementor-element elementor-element-2ea5b55 e-con-full e-flex e-con e-child\" data-id=\"2ea5b55\" data-element_type=\"container\" data-e-type=\"container\" data-settings=\"{&quot;background_background&quot;:&quot;classic&quot;}\">\n\t\t\t\t<\/div>\n\t\t<div class=\"elementor-element elementor-element-92521df e-con-full e-flex e-con e-child\" data-id=\"92521df\" data-element_type=\"container\" data-e-type=\"container\" data-settings=\"{&quot;background_background&quot;:&quot;classic&quot;}\">\n\t\t<div class=\"elementor-element elementor-element-bdb3c5f e-con-full e-flex e-con e-child\" data-id=\"bdb3c5f\" data-element_type=\"container\" data-e-type=\"container\">\n\t\t\t\t<div class=\"elementor-element elementor-element-2a4a97f elementor-widget elementor-widget-heading\" data-id=\"2a4a97f\" data-element_type=\"widget\" data-e-type=\"widget\" data-widget_type=\"heading.default\">\n\t\t\t\t<div class=\"elementor-widget-container\">\n\t\t\t\t\t<h1 class=\"elementor-heading-title elementor-size-default\">R\u00e9sistance aux flammes<\/h1>\t\t\t\t<\/div>\n\t\t\t\t<\/div>\n\t\t\t\t<div class=\"elementor-element elementor-element-68ac955 elementor-widget elementor-widget-text-editor\" data-id=\"68ac955\" data-element_type=\"widget\" data-e-type=\"widget\" data-widget_type=\"text-editor.default\">\n\t\t\t\t<div class=\"elementor-widget-container\">\n\t\t\t\t\t\t\t\t\t<p><span style=\"font-weight: 400;\">Il existe de nombreuses classifications de s\u00e9curit\u00e9, normes internationales et tests sp\u00e9cifiques pour \u00e9valuer les propri\u00e9t\u00e9s auto-extinguibles des bandes transporteuses. Ces exigences deviennent de plus en plus rigoureuses et, par cons\u00e9quent, peuvent s\u2019av\u00e9rer complexes \u00e0 interpr\u00e9ter. Les m\u00e9thodes d\u2019essai et les normes de performance varient consid\u00e9rablement selon l\u2019environnement d\u2019utilisation de la bande (en surface ou en sous-sol) et le niveau de risque d\u2019incendie li\u00e9 au mat\u00e9riau transport\u00e9.  <\/span><\/p>\t\t\t\t\t\t\t\t<\/div>\n\t\t\t\t<\/div>\n\t\t\t\t<\/div>\n\t\t\t\t<\/div>\n\t\t\t\t<\/div>\n\t\t<div class=\"elementor-element elementor-element-82a2320 e-flex e-con-boxed e-con e-parent\" data-id=\"82a2320\" data-element_type=\"container\" data-e-type=\"container\">\n\t\t\t\t\t<div class=\"e-con-inner\">\n\t\t<div class=\"elementor-element elementor-element-9cb132f e-con-full e-flex e-con e-child\" data-id=\"9cb132f\" data-element_type=\"container\" data-e-type=\"container\">\n\t\t\t\t<div class=\"elementor-element elementor-element-ed0a3c4 elementor-widget elementor-widget-text-editor\" data-id=\"ed0a3c4\" data-element_type=\"widget\" data-e-type=\"widget\" data-widget_type=\"text-editor.default\">\n\t\t\t\t<div class=\"elementor-widget-container\">\n\t\t\t\t\t\t\t\t\t<p><span style=\"font-weight: 400;\">Il est important de souligner que les bandes transporteuses ne peuvent pas \u00eatre compl\u00e8tement ignifuges. Toute bande, si elle est expos\u00e9e \u00e0 une flamme nue d\u2019une intensit\u00e9 suffisante, prendra feu. En effet, les tissus utilis\u00e9s dans la carcasse de la bande, principalement le polyester et le nylon, sont des mat\u00e9riaux inflammables avec une r\u00e9sistance au feu faible ou nulle. Cependant, les rev\u00eatements en caoutchouc (sup\u00e9rieur, inf\u00e9rieur et interm\u00e9diaire entre les couches de tissu) peuvent \u00eatre formul\u00e9s avec des additifs sp\u00e9cifiques pour am\u00e9liorer la r\u00e9sistance \u00e0 la flamme. Ces additifs lib\u00e8rent des gaz inhibiteurs pendant la combustion, privant les flammes d\u2019oxyg\u00e8ne et favorisant ainsi l\u2019auto-extinction de la bande.    <\/span><\/p>\n<p><span style=\"font-weight: 400;\">La norme <\/span><b>ISO 340<\/b><span style=\"font-weight: 400;\">  d\u00e9finit une m\u00e9thode pour \u00e9valuer, \u00e0 \u00e9chelle r\u00e9duite, la r\u00e9action d\u2019une bande transporteuse \u00e0 une source d\u2019inflammation par flamme. Le test mesure le temps n\u00e9cessaire pour que la bande s\u2019auto-\u00e9teigne apr\u00e8s l\u2019exposition \u00e0 la flamme. <\/span><\/p>\n<ul>\n<li style=\"font-weight: 400;\" aria-level=\"1\"><span style=\"font-weight: 400;\">Une <\/span><b>valeur inf\u00e9rieure<\/b><span style=\"font-weight: 400;\"> indique un temps d\u2019auto-extinction plus rapide, et donc une plus grande r\u00e9sistance \u00e0 la propagation de la flamme.<\/span><\/li>\n<li style=\"font-weight: 400;\" aria-level=\"1\"><span style=\"font-weight: 400;\">Une <\/span><b>valeur sup\u00e9rieure<\/b><span style=\"font-weight: 400;\"> signifie que la bande met plus de temps \u00e0 s\u2019\u00e9teindre, augmentant ainsi le risque de propagation de l\u2019incendie.<\/span><\/li>\n<\/ul><div><br><\/div>\n<p><span style=\"font-weight: 400;\">Cette norme internationale est essentielle pour garantir que les bandes transporteuses utilis\u00e9es dans des environnements \u00e0 risque d\u2019incendie soient auto-extinguibles et ne contribuent pas \u00e0 la propagation des flammes.<\/span><\/p>\n<p><b>UN GUIDE DE R\u00c9F\u00c9RENCE POUR NOS REV\u00caTEMENTS IGNIFUGES<\/b><\/p>\n<p><b>K :  <\/b><span style=\"font-weight: 400;\">R\u00e9sistance au feu pour mat\u00e9riaux moyennement inflammables. Ne convient pas \u00e0 une utilisation en sous-sol <\/span><\/p>\n<p><b>S<\/b><span style=\"font-weight: 400;\"> : R\u00e9sistance au feu pour mat\u00e9riaux hautement inflammables. Ne convient pas \u00e0 une utilisation en sous-sol <\/span><\/p>\n<p><b>CLASSE A :<\/b><span style=\"font-weight: 400;\"> Type de bande adapt\u00e9 \u00e0 une utilisation en sous-sol<\/span><\/p>\n<p><b>MOR-K :<\/b><span style=\"font-weight: 400;\"> r\u00e9sistant au feu et \u00e0 l\u2019huile pour la plupart des produits contenant des huiles.<\/span><\/p><p><span style=\"font-weight: 400;\"><br><\/span><\/p>\n<p><b>M\u00c9LANGES ANTI-FEU :<\/b><\/p>\n<table>\n<tbody>\n<tr>\n<td>\n<p><b>M\u00c9LANGE<\/b><\/p>\n<\/td>\n<td>\n<p><b>CAT\u00c9GORIE<\/b><\/p>\n<\/td>\n<td>\n<p><b>VALEUR STANDARD<\/b><\/p>\n<\/td>\n<\/tr>\n<tr>\n<td>\n<p><span style=\"font-weight: 400;\">K<\/span><\/p>\n<\/td>\n<td>\n<p><span style=\"font-weight: 400;\">ANTI-FEU + ANTISTATIQUE<\/span><\/p>\n<\/td>\n<td>\n<p><span style=\"font-weight: 400;\">15s<\/span><\/p>\n<\/td>\n<\/tr>\n<tr>\n<td>\n<p><span style=\"font-weight: 400;\">S<\/span><\/p>\n<\/td>\n<td>\n<p><span style=\"font-weight: 400;\">ANTI-FEU + ANTISTATIQUE<\/span><\/p>\n<\/td>\n<td>\n<p><span style=\"font-weight: 400;\">15s<\/span><\/p>\n<\/td>\n<\/tr>\n<tr>\n<td>\n<p><span style=\"font-weight: 400;\">CLASSE A<\/span><\/p>\n<\/td>\n<td>\n<p><span style=\"font-weight: 400;\">ANTI-FEU + ANTISTATIQUE<\/span><\/p>\n<\/td>\n<td>\n<p><span style=\"font-weight: 400;\">15s<\/span><\/p>\n<\/td>\n<\/tr>\n<tr>\n<td>\n<p><span style=\"font-weight: 400;\">MOR-K<\/span><\/p>\n<\/td>\n<td>\n<p><span style=\"font-weight: 400;\">ANTI-FEU + ANTISTATIQUE + ANTI-HUILE<\/span><\/p>\n<\/td>\n<td>\n<p><span style=\"font-weight: 400;\">15s<\/span><\/p>\n<\/td>\n<\/tr>\n<\/tbody>\n<\/table>\t\t\t\t\t\t\t\t<\/div>\n\t\t\t\t<\/div>\n\t\t\t\t<\/div>\n\t\t\t\t\t<\/div>\n\t\t\t\t<\/div>\n\t\t\t\t<\/div>\n\t\t","protected":false},"excerpt":{"rendered":"<p>R\u00e9sistance aux flammes Il existe de nombreuses classifications de s\u00e9curit\u00e9, normes internationales et tests sp\u00e9cifiques pour \u00e9valuer les propri\u00e9t\u00e9s auto-extinguibles des bandes transporteuses. Ces exigences deviennent de plus en plus rigoureuses et, par cons\u00e9quent, peuvent s\u2019av\u00e9rer complexes \u00e0 interpr\u00e9ter. Les m\u00e9thodes d\u2019essai et les normes de performance varient consid\u00e9rablement selon l\u2019environnement d\u2019utilisation de la bande [&hellip;]<\/p>\n","protected":false},"author":3,"featured_media":7188,"parent":7139,"menu_order":0,"comment_status":"closed","ping_status":"closed","template":"","meta":{"_acf_changed":false,"footnotes":""},"class_list":["post-7187","page","type-page","status-publish","has-post-thumbnail","hentry"],"acf":[],"yoast_head":"<!-- This site is optimized with the Yoast SEO plugin v28.3 - https:\/\/yoast.com\/product\/yoast-seo-wordpress\/ -->\n<title>Bande anti-feu : s\u00e9curit\u00e9 certifi\u00e9e<\/title>\n<meta name=\"description\" content=\"Rev\u00eatements auto-extinguibles conformes aux normes internationales. S\u00e9curit\u00e9 avanc\u00e9e pour le transport de mat\u00e9riaux combustibles.\" \/>\n<meta name=\"robots\" content=\"index, follow, max-snippet:-1, max-image-preview:large, max-video-preview:-1\" \/>\n<link rel=\"canonical\" href=\"https:\/\/www.barbierispa.com\/fr\/types-de-revetements\/anti-feu\/\" \/>\n<meta property=\"og:locale\" content=\"fr_FR\" \/>\n<meta property=\"og:type\" content=\"article\" \/>\n<meta property=\"og:title\" content=\"Bande anti-feu : s\u00e9curit\u00e9 certifi\u00e9e\" \/>\n<meta property=\"og:description\" content=\"Rev\u00eatements auto-extinguibles conformes aux normes internationales. S\u00e9curit\u00e9 avanc\u00e9e pour le transport de mat\u00e9riaux combustibles.\" \/>\n<meta property=\"og:url\" content=\"https:\/\/www.barbierispa.com\/fr\/types-de-revetements\/anti-feu\/\" \/>\n<meta property=\"og:site_name\" content=\"Barbieri Spa\" \/>\n<meta property=\"article:modified_time\" content=\"2026-08-06T08:42:21+00:00\" \/>\n<meta property=\"og:image\" content=\"https:\/\/www.barbierispa.com\/wp-content\/uploads\/2025\/04\/MESCOLA-IGNIFUGA.png\" \/>\n\t<meta property=\"og:image:width\" content=\"1536\" \/>\n\t<meta property=\"og:image:height\" content=\"1024\" \/>\n\t<meta property=\"og:image:type\" content=\"image\/png\" \/>\n<meta name=\"twitter:card\" content=\"summary_large_image\" \/>\n<meta name=\"twitter:label1\" content=\"Dur\u00e9e de lecture estim\u00e9e\" \/>\n\t<meta name=\"twitter:data1\" content=\"2 minutes\" \/>\n<script type=\"application\/ld+json\" class=\"yoast-schema-graph\">{\"@context\":\"https:\\\/\\\/schema.org\",\"@graph\":[{\"@type\":\"WebPage\",\"@id\":\"https:\\\/\\\/www.barbierispa.com\\\/fr\\\/types-de-revetements\\\/anti-feu\\\/\",\"url\":\"https:\\\/\\\/www.barbierispa.com\\\/fr\\\/types-de-revetements\\\/anti-feu\\\/\",\"name\":\"Bande anti-feu : s\u00e9curit\u00e9 certifi\u00e9e\",\"isPartOf\":{\"@id\":\"https:\\\/\\\/www.barbierispa.com\\\/fr\\\/#website\"},\"primaryImageOfPage\":{\"@id\":\"https:\\\/\\\/www.barbierispa.com\\\/fr\\\/types-de-revetements\\\/anti-feu\\\/#primaryimage\"},\"image\":{\"@id\":\"https:\\\/\\\/www.barbierispa.com\\\/fr\\\/types-de-revetements\\\/anti-feu\\\/#primaryimage\"},\"thumbnailUrl\":\"https:\\\/\\\/www.barbierispa.com\\\/wp-content\\\/uploads\\\/2025\\\/04\\\/MESCOLA-IGNIFUGA.png\",\"datePublished\":\"2025-04-01T10:09:37+00:00\",\"dateModified\":\"2026-08-06T08:42:21+00:00\",\"description\":\"Rev\u00eatements auto-extinguibles conformes aux normes internationales. S\u00e9curit\u00e9 avanc\u00e9e pour le transport de mat\u00e9riaux combustibles.\",\"breadcrumb\":{\"@id\":\"https:\\\/\\\/www.barbierispa.com\\\/fr\\\/types-de-revetements\\\/anti-feu\\\/#breadcrumb\"},\"inLanguage\":\"fr-FR\",\"potentialAction\":[{\"@type\":\"ReadAction\",\"target\":[\"https:\\\/\\\/www.barbierispa.com\\\/fr\\\/types-de-revetements\\\/anti-feu\\\/\"]}]},{\"@type\":\"ImageObject\",\"inLanguage\":\"fr-FR\",\"@id\":\"https:\\\/\\\/www.barbierispa.com\\\/fr\\\/types-de-revetements\\\/anti-feu\\\/#primaryimage\",\"url\":\"https:\\\/\\\/www.barbierispa.com\\\/wp-content\\\/uploads\\\/2025\\\/04\\\/MESCOLA-IGNIFUGA.png\",\"contentUrl\":\"https:\\\/\\\/www.barbierispa.com\\\/wp-content\\\/uploads\\\/2025\\\/04\\\/MESCOLA-IGNIFUGA.png\",\"width\":1536,\"height\":1024},{\"@type\":\"BreadcrumbList\",\"@id\":\"https:\\\/\\\/www.barbierispa.com\\\/fr\\\/types-de-revetements\\\/anti-feu\\\/#breadcrumb\",\"itemListElement\":[{\"@type\":\"ListItem\",\"position\":1,\"name\":\"Home\",\"item\":\"https:\\\/\\\/www.barbierispa.com\\\/fr\\\/accueil\\\/\"},{\"@type\":\"ListItem\",\"position\":2,\"name\":\"Types de rev\u00eatements\",\"item\":\"https:\\\/\\\/www.barbierispa.com\\\/fr\\\/types-de-revetements\\\/\"},{\"@type\":\"ListItem\",\"position\":3,\"name\":\"Anti-feu\"}]},{\"@type\":\"WebSite\",\"@id\":\"https:\\\/\\\/www.barbierispa.com\\\/fr\\\/#website\",\"url\":\"https:\\\/\\\/www.barbierispa.com\\\/fr\\\/\",\"name\":\"Barbieri Spa\",\"description\":\"\",\"publisher\":{\"@id\":\"https:\\\/\\\/www.barbierispa.com\\\/fr\\\/#organization\"},\"potentialAction\":[{\"@type\":\"SearchAction\",\"target\":{\"@type\":\"EntryPoint\",\"urlTemplate\":\"https:\\\/\\\/www.barbierispa.com\\\/fr\\\/?s={search_term_string}\"},\"query-input\":{\"@type\":\"PropertyValueSpecification\",\"valueRequired\":true,\"valueName\":\"search_term_string\"}}],\"inLanguage\":\"fr-FR\"},{\"@type\":\"Organization\",\"@id\":\"https:\\\/\\\/www.barbierispa.com\\\/fr\\\/#organization\",\"name\":\"Barbieri Spa\",\"url\":\"https:\\\/\\\/www.barbierispa.com\\\/fr\\\/\",\"logo\":{\"@type\":\"ImageObject\",\"inLanguage\":\"fr-FR\",\"@id\":\"https:\\\/\\\/www.barbierispa.com\\\/fr\\\/#\\\/schema\\\/logo\\\/image\\\/\",\"url\":\"https:\\\/\\\/www.barbierispa.com\\\/wp-content\\\/uploads\\\/2025\\\/01\\\/barbieri-logo-2x.png\",\"contentUrl\":\"https:\\\/\\\/www.barbierispa.com\\\/wp-content\\\/uploads\\\/2025\\\/01\\\/barbieri-logo-2x.png\",\"width\":291,\"height\":188,\"caption\":\"Barbieri Spa\"},\"image\":{\"@id\":\"https:\\\/\\\/www.barbierispa.com\\\/fr\\\/#\\\/schema\\\/logo\\\/image\\\/\"}}]}<\/script>\n<!-- \/ Yoast SEO plugin. -->","yoast_head_json":{"title":"Bande anti-feu : s\u00e9curit\u00e9 certifi\u00e9e","description":"Rev\u00eatements auto-extinguibles conformes aux normes internationales. S\u00e9curit\u00e9 avanc\u00e9e pour le transport de mat\u00e9riaux combustibles.","robots":{"index":"index","follow":"follow","max-snippet":"max-snippet:-1","max-image-preview":"max-image-preview:large","max-video-preview":"max-video-preview:-1"},"canonical":"https:\/\/www.barbierispa.com\/fr\/types-de-revetements\/anti-feu\/","og_locale":"fr_FR","og_type":"article","og_title":"Bande anti-feu : s\u00e9curit\u00e9 certifi\u00e9e","og_description":"Rev\u00eatements auto-extinguibles conformes aux normes internationales. S\u00e9curit\u00e9 avanc\u00e9e pour le transport de mat\u00e9riaux combustibles.","og_url":"https:\/\/www.barbierispa.com\/fr\/types-de-revetements\/anti-feu\/","og_site_name":"Barbieri Spa","article_modified_time":"2026-08-06T08:42:21+00:00","og_image":[{"width":1536,"height":1024,"url":"https:\/\/www.barbierispa.com\/wp-content\/uploads\/2025\/04\/MESCOLA-IGNIFUGA.png","type":"image\/png"}],"twitter_card":"summary_large_image","twitter_misc":{"Dur\u00e9e de lecture estim\u00e9e":"2 minutes"},"schema":{"@context":"https:\/\/schema.org","@graph":[{"@type":"WebPage","@id":"https:\/\/www.barbierispa.com\/fr\/types-de-revetements\/anti-feu\/","url":"https:\/\/www.barbierispa.com\/fr\/types-de-revetements\/anti-feu\/","name":"Bande anti-feu : s\u00e9curit\u00e9 certifi\u00e9e","isPartOf":{"@id":"https:\/\/www.barbierispa.com\/fr\/#website"},"primaryImageOfPage":{"@id":"https:\/\/www.barbierispa.com\/fr\/types-de-revetements\/anti-feu\/#primaryimage"},"image":{"@id":"https:\/\/www.barbierispa.com\/fr\/types-de-revetements\/anti-feu\/#primaryimage"},"thumbnailUrl":"https:\/\/www.barbierispa.com\/wp-content\/uploads\/2025\/04\/MESCOLA-IGNIFUGA.png","datePublished":"2025-04-01T10:09:37+00:00","dateModified":"2026-08-06T08:42:21+00:00","description":"Rev\u00eatements auto-extinguibles conformes aux normes internationales. S\u00e9curit\u00e9 avanc\u00e9e pour le transport de mat\u00e9riaux combustibles.","breadcrumb":{"@id":"https:\/\/www.barbierispa.com\/fr\/types-de-revetements\/anti-feu\/#breadcrumb"},"inLanguage":"fr-FR","potentialAction":[{"@type":"ReadAction","target":["https:\/\/www.barbierispa.com\/fr\/types-de-revetements\/anti-feu\/"]}]},{"@type":"ImageObject","inLanguage":"fr-FR","@id":"https:\/\/www.barbierispa.com\/fr\/types-de-revetements\/anti-feu\/#primaryimage","url":"https:\/\/www.barbierispa.com\/wp-content\/uploads\/2025\/04\/MESCOLA-IGNIFUGA.png","contentUrl":"https:\/\/www.barbierispa.com\/wp-content\/uploads\/2025\/04\/MESCOLA-IGNIFUGA.png","width":1536,"height":1024},{"@type":"BreadcrumbList","@id":"https:\/\/www.barbierispa.com\/fr\/types-de-revetements\/anti-feu\/#breadcrumb","itemListElement":[{"@type":"ListItem","position":1,"name":"Home","item":"https:\/\/www.barbierispa.com\/fr\/accueil\/"},{"@type":"ListItem","position":2,"name":"Types de rev\u00eatements","item":"https:\/\/www.barbierispa.com\/fr\/types-de-revetements\/"},{"@type":"ListItem","position":3,"name":"Anti-feu"}]},{"@type":"WebSite","@id":"https:\/\/www.barbierispa.com\/fr\/#website","url":"https:\/\/www.barbierispa.com\/fr\/","name":"Barbieri Spa","description":"","publisher":{"@id":"https:\/\/www.barbierispa.com\/fr\/#organization"},"potentialAction":[{"@type":"SearchAction","target":{"@type":"EntryPoint","urlTemplate":"https:\/\/www.barbierispa.com\/fr\/?s={search_term_string}"},"query-input":{"@type":"PropertyValueSpecification","valueRequired":true,"valueName":"search_term_string"}}],"inLanguage":"fr-FR"},{"@type":"Organization","@id":"https:\/\/www.barbierispa.com\/fr\/#organization","name":"Barbieri Spa","url":"https:\/\/www.barbierispa.com\/fr\/","logo":{"@type":"ImageObject","inLanguage":"fr-FR","@id":"https:\/\/www.barbierispa.com\/fr\/#\/schema\/logo\/image\/","url":"https:\/\/www.barbierispa.com\/wp-content\/uploads\/2025\/01\/barbieri-logo-2x.png","contentUrl":"https:\/\/www.barbierispa.com\/wp-content\/uploads\/2025\/01\/barbieri-logo-2x.png","width":291,"height":188,"caption":"Barbieri Spa"},"image":{"@id":"https:\/\/www.barbierispa.com\/fr\/#\/schema\/logo\/image\/"}}]}},"_links":{"self":[{"href":"https:\/\/www.barbierispa.com\/fr\/wp-json\/wp\/v2\/pages\/7187","targetHints":{"allow":["GET"]}}],"collection":[{"href":"https:\/\/www.barbierispa.com\/fr\/wp-json\/wp\/v2\/pages"}],"about":[{"href":"https:\/\/www.barbierispa.com\/fr\/wp-json\/wp\/v2\/types\/page"}],"author":[{"embeddable":true,"href":"https:\/\/www.barbierispa.com\/fr\/wp-json\/wp\/v2\/users\/3"}],"replies":[{"embeddable":true,"href":"https:\/\/www.barbierispa.com\/fr\/wp-json\/wp\/v2\/comments?post=7187"}],"version-history":[{"count":1,"href":"https:\/\/www.barbierispa.com\/fr\/wp-json\/wp\/v2\/pages\/7187\/revisions"}],"predecessor-version":[{"id":7189,"href":"https:\/\/www.barbierispa.com\/fr\/wp-json\/wp\/v2\/pages\/7187\/revisions\/7189"}],"up":[{"embeddable":true,"href":"https:\/\/www.barbierispa.com\/fr\/wp-json\/wp\/v2\/pages\/7139"}],"wp:featuredmedia":[{"embeddable":true,"href":"https:\/\/www.barbierispa.com\/fr\/wp-json\/wp\/v2\/media\/7188"}],"wp:attachment":[{"href":"https:\/\/www.barbierispa.com\/fr\/wp-json\/wp\/v2\/media?parent=7187"}],"curies":[{"name":"wp","href":"https:\/\/api.w.org\/{rel}","templated":true}]}}